{"id":3,"date":"2023-02-09T22:24:51","date_gmt":"2023-02-09T22:24:51","guid":{"rendered":"https:\/\/rachunkowe-bp.pl\/?page_id=3"},"modified":"2023-09-25T07:48:52","modified_gmt":"2023-09-25T07:48:52","slug":"privacy-policy","status":"publish","type":"page","link":"https:\/\/rachunkowe-bp.pl\/index.php\/privacy-policy\/","title":{"rendered":"Polityka Prywatno\u015bci"},"content":{"rendered":"\t\t<div data-elementor-type=\"wp-page\" data-elementor-id=\"3\" class=\"elementor elementor-3\">\n\t\t\t\t\t\t\t\t\t<section class=\"elementor-section elementor-top-section elementor-element elementor-element-39264f79 elementor-section-boxed elementor-section-height-default elementor-section-height-default\" data-id=\"39264f79\" data-element_type=\"section\">\n\t\t\t\t\t\t<div class=\"elementor-container elementor-column-gap-default\">\n\t\t\t\t\t<div class=\"elementor-column elementor-col-100 elementor-top-column elementor-element elementor-element-769ef720\" data-id=\"769ef720\" data-element_type=\"column\">\n\t\t\t<div class=\"elementor-widget-wrap elementor-element-populated\">\n\t\t\t\t\t\t\t\t<div class=\"elementor-element elementor-element-39fe8bea elementor-widget elementor-widget-text-editor\" data-id=\"39fe8bea\" data-element_type=\"widget\" data-widget_type=\"text-editor.default\">\n\t\t\t\t<div class=\"elementor-widget-container\">\n\t\t\t<style>\/*! elementor - v3.17.0 - 08-11-2023 *\/\n.elementor-widget-text-editor.elementor-drop-cap-view-stacked .elementor-drop-cap{background-color:#69727d;color:#fff}.elementor-widget-text-editor.elementor-drop-cap-view-framed .elementor-drop-cap{color:#69727d;border:3px solid;background-color:transparent}.elementor-widget-text-editor:not(.elementor-drop-cap-view-default) .elementor-drop-cap{margin-top:8px}.elementor-widget-text-editor:not(.elementor-drop-cap-view-default) .elementor-drop-cap-letter{width:1em;height:1em}.elementor-widget-text-editor .elementor-drop-cap{float:left;text-align:center;line-height:1;font-size:50px}.elementor-widget-text-editor .elementor-drop-cap-letter{display:inline-block}<\/style>\t\t\t\t<p lang=\"en-US\" align=\"CENTER\"><span style=\"font-family: Arial, sans-serif;\"><span style=\"font-size: medium;\"><span style=\"font-size: large;\"><span lang=\"pl-PL\"><b>POLITYKA PRYWATNO\u015aCI DANYCH OSOBOWYCH (RODO)<\/b><\/span><\/span><\/span><\/span><\/p><p lang=\"en-US\" align=\"CENTER\"><span style=\"font-family: Arial, sans-serif;\"><span style=\"font-size: small;\"><span style=\"font-size: medium;\"><span lang=\"pl-PL\"><b>Obowi\u0105zuje od: 8 wrze\u015bnia 2023 r.<\/b><\/span><\/span><\/span><\/span><\/p><p lang=\"en-US\" align=\"CENTER\"><span style=\"font-family: Arial, sans-serif;\"><span style=\"font-size: medium;\"><span lang=\"pl-PL\"><b>\u00a71 <\/b><\/span><\/span><\/span><\/p><p lang=\"en-US\" align=\"CENTER\"><span style=\"font-family: Arial, sans-serif;\"><span style=\"font-size: medium;\"><span lang=\"pl-PL\"><b>To\u017csamo\u015b\u0107 administratora danych<\/b><\/span><\/span><\/span><\/p><ol><li><p lang=\"en-US\" align=\"JUSTIFY\"><span style=\"font-family: Arial, sans-serif;\"><span style=\"font-size: medium;\"><span lang=\"pl-PL\">Administratorem danych osobowych podawanych w trakcie korzystania z Serwisu prowadzonego pod adresem <\/span><span lang=\"pl-PL\"><b>www.rachunkowe-bp.pl <\/b><\/span><span lang=\"pl-PL\">oraz w zwi\u0105zku ze \u015bwiadczeniem us\u0142ug jest <\/span><span lang=\"pl-PL\"><b>Barbara Podraza, prowadz\u0105ca dzia\u0142alno\u015b\u0107 gospodarcz\u0105 pod nazw\u0105 BIURO RACHUNKOWE Barbara Podraza, ul. Starod\u0105browska 39, 33-100 Tarn\u00f3w, NIP:\u00a08722203403<\/b><\/span><span lang=\"pl-PL\">.<\/span><\/span><\/span><\/p><\/li><li><p lang=\"en-US\" align=\"JUSTIFY\"><span style=\"font-size: medium;\"><span style=\"font-family: Arial, sans-serif;\"><span lang=\"pl-PL\"><b>Zasady przetwarzania plik\u00f3w cookies zosta\u0142y udost\u0119pnione w Polityce Cookies, dost\u0119pnej pod adresem: <\/b><\/span><\/span><span lang=\"zxx\"><u><a href=\"http:\/\/www.rachunkowe-bp.pl\/polityka-cookies\"><span style=\"font-family: Arial, sans-serif;\"><span lang=\"pl-PL\">www.rachunkowe-bp.pl\/polityka-cookies<\/span><\/span><\/a><\/u><\/span><\/span><\/p><\/li><li><p lang=\"en-US\" align=\"JUSTIFY\"><span style=\"font-family: Arial, sans-serif;\"><span style=\"font-size: medium;\"><span lang=\"pl-PL\">Poni\u017csza Polityka Prywatno\u015bci obejmuje zasady przetwarzania danych U\u017cytkownik\u00f3w Serwisu, os\u00f3b korzystaj\u0105cych z us\u0142ug \u015bwiadczonych przez Administratora danych oraz Obserwator\u00f3w na Fanpage\u2019u &#8211; <\/span><span lang=\"pl-PL\"><b>Facebook pod nazw\u0105 Biuro Rachunkowe Barbara Podraza &#8211; \u201e@biurobarbarapodraza\u201d<\/b><\/span><span lang=\"pl-PL\">, a tak\u017ce gromadzonych poprzez kontakt za po\u015brednictwem poczty elektronicznej (adres e-mail lub telefonicznie).<\/span><\/span><\/span><\/p><\/li><li><p lang=\"en-US\" align=\"JUSTIFY\"><span style=\"font-family: Arial, sans-serif;\"><span style=\"font-size: medium;\"><span lang=\"pl-PL\">Dane osobowe przetwarzane s\u0105 zgodnie z aktualnie obowi\u0105zuj\u0105cymi przepisami prawa; tj. Rozporz\u0105dzeniem Parlamentu Europejskiego i Rady UE 2016\/679 z 27 kwietnia 2016 r. w sprawie ochrony os\u00f3b fizycznych w zwi\u0105zku z przetwarzaniem danych osobowych i w sprawie swobodnego przep\u0142ywu takich danych oraz uchylenia dyrektywy 95\/46\/WE (dalej: RODO), ustaw\u0105 z dnia 10 maja 2018 r. o ochronie danych, a tak\u017ce ustaw\u0105 z 18 lipca 2002 r. o \u015bwiadczeniu us\u0142ug drog\u0105 elektroniczn\u0105.<\/span><\/span><\/span><\/p><\/li><\/ol><p lang=\"en-US\" align=\"CENTER\"><span style=\"font-family: Arial, sans-serif;\"><span style=\"font-size: medium;\"><span lang=\"pl-PL\"><b>\u00a72<\/b><\/span><\/span><\/span><\/p><p lang=\"en-US\" align=\"CENTER\"><span style=\"font-family: Arial, sans-serif;\"><span style=\"font-size: medium;\"><span lang=\"pl-PL\"><b>Stosowane definicje<\/b><\/span><\/span><\/span><\/p><ol><li><p align=\"JUSTIFY\"><span style=\"font-family: Arial, sans-serif;\"><span style=\"font-size: small;\"><span style=\"font-size: medium;\">W niniejszej polityce stosuje si\u0119 nast\u0119puj\u0105ce definicje:<\/span><\/span><\/span><\/p><\/li><\/ol><ol type=\"A\"><li style=\"list-style-type: none;\"><ol type=\"A\"><li style=\"list-style-type: none;\"><ol type=\"a\"><li><p align=\"JUSTIFY\"><span style=\"font-family: Arial, sans-serif;\"><span style=\"font-size: small;\"><span style=\"font-size: medium;\"><b>Administrator danych osobowych<\/b><\/span><span style=\"font-size: medium;\"> &#8211; podmiot, kt\u00f3ry decyduje o celu i \u015brodkach przetwarzania danych U\u017cytkownik\u00f3w Serwisu i os\u00f3b korzystaj\u0105cych z us\u0142ug, tj.: <\/span><span style=\"font-size: medium;\"><b>Barbara Podraza, prowadz\u0105ca dzia\u0142alno\u015b\u0107 gospodarcz\u0105 pod nazw\u0105 BIURO RACHUNKOWE Barbara Podraza, ul. Starod\u0105browska 39, 33-100 Tarn\u00f3w, NIP:\u00a08722203403<\/b><\/span><span style=\"font-size: medium;\">.<\/span><\/span><\/span><\/p><\/li><li><p align=\"JUSTIFY\"><span style=\"font-family: Arial, sans-serif;\"><span style=\"font-size: small;\"><span style=\"font-size: medium;\"><b>Dane osobowe<\/b><\/span><span style=\"font-size: medium;\"> &#8211; wszelkie informacje, kt\u00f3re bez nadmiernego czasu i kosztu mog\u0105 doprowadzi\u0107 do identyfikacji osoby fizycznej, w tym jej dane identyfikacyjne, adresowe i kontaktowe.<\/span><\/span><\/span><\/p><\/li><li><p align=\"JUSTIFY\"><span style=\"font-family: Arial, sans-serif;\"><span style=\"font-size: small;\"><span style=\"font-size: medium;\"><b>Serwis<\/b><\/span><span style=\"font-size: medium;\"> &#8211; serwis internetowy dost\u0119pny pod adresem <\/span><span style=\"font-size: medium;\"><b>www.rachunkowe-bp.pl<\/b><\/span><span style=\"font-size: medium;\">,<\/span><b> <\/b><span style=\"font-size: medium;\">za po\u015brednictwem kt\u00f3rego U\u017cytkownik mo\u017ce przegl\u0105da\u0107 jego zawarto\u015b\u0107, kontaktowa\u0107 si\u0119 z administratorem danych.<\/span><\/span><\/span><\/p><\/li><li><p align=\"JUSTIFY\"><span style=\"font-family: Arial, sans-serif;\"><span style=\"font-size: small;\"><span style=\"font-size: medium;\"><b>U\u017cytkownik<\/b><\/span><span style=\"font-size: medium;\"> &#8211; osoba fizyczna, kt\u00f3rej dane dotycz\u0105 i kt\u00f3ra korzysta z us\u0142ug dost\u0119pnych w Serwisie, a tak\u017ce osoby, kt\u00f3re korzystaj\u0105 z us\u0142ug Administratora danych osobowych, Obserwatorzy Fanpage\u2019u &#8211; <\/span><span style=\"font-size: medium;\"><b>Facebook pod nazw\u0105 Biuro Rachunkowe Barbara Podraza &#8211; \u201e@biurobarbarapodraza\u201d<\/b><\/span><\/span><\/span><\/p><\/li><\/ol><\/li><\/ol><\/li><\/ol><p lang=\"en-US\" align=\"CENTER\"><span style=\"font-family: Arial, sans-serif;\"><span style=\"font-size: medium;\"><span lang=\"pl-PL\"><b>\u00a73 <\/b><\/span><\/span><\/span><\/p><p lang=\"en-US\" align=\"CENTER\"><span style=\"font-family: Arial, sans-serif;\"><span style=\"font-size: medium;\"><span lang=\"pl-PL\"><b>Cele przetwarzania danych<\/b><\/span><\/span><\/span><\/p><ol><li><p lang=\"en-US\" align=\"JUSTIFY\"><span style=\"font-family: Arial, sans-serif;\"><span style=\"font-size: small;\"><span style=\"font-size: medium;\"><span lang=\"pl-PL\">Administrator danych osobowych przetwarza dane osobowe U\u017cytkownik\u00f3w w nast\u0119puj\u0105cych celach:<\/span><\/span><\/span><\/span><\/p><\/li><\/ol><ol type=\"a\"><li><p lang=\"en-US\" align=\"JUSTIFY\"><span style=\"font-family: Arial, sans-serif;\"><span style=\"font-size: small;\"><span style=\"font-size: medium;\">wykonania umowy, kt\u00f3rej stron\u0105 jest osoba, kt\u00f3rej dane dotycz\u0105 lub do podj\u0119cia dzia\u0142a\u0144 na \u017c\u0105danie osoby, kt\u00f3rej dane dotycz\u0105, tj. p<\/span><span style=\"font-size: medium;\">rzygotowania i zawarcia umowy, a tak\u017ce jej realizacji i wykonania us\u0142ug, na podstawie art. 6 ust. 1 lit. b) RODO,<\/span><\/span><\/span><\/p><\/li><li><p lang=\"en-US\" align=\"JUSTIFY\"><span style=\"font-family: Arial, sans-serif;\"><span style=\"font-size: small;\"><span style=\"font-size: medium;\">wykonania obowi\u0105zk\u00f3w wynikaj\u0105cych z ustawy z dnia 1 marca 2018 r. o przeciwdzia\u0142aniu praniu pieni\u0119dzy oraz finansowaniu terroryzmu (Dz. U. 2018 poz. 723), w stosunku do klient\u00f3w <\/span><span style=\"font-size: medium;\"><b>BIURA RACHUNKOWEGO Barbara Podraza, <\/b><\/span><span style=\"font-size: medium;\">na podstawie art. 6 ust. 1 lit. c) RODO, tj. w celu wykonania obowi\u0105zk\u00f3w prawnych ci\u0105\u017c\u0105cych na Administratorze danych osobowych,<\/span><\/span><\/span><\/p><\/li><li><p lang=\"en-US\" align=\"JUSTIFY\"><span style=\"font-family: Arial, sans-serif;\"><span style=\"font-size: small;\"><span style=\"font-size: medium;\">udzielenia odpowiedzi na zadane pytanie poprzez <\/span><span style=\"font-size: medium;\">formularz kontaktowy<\/span><span style=\"font-size: medium;\"> lub za po\u015brednictwem danych teleadresowych dost\u0119pnych na stronie Serwisu lub poprzez media spo\u0142eczno\u015bciowe, na podstawie art. 6 ust. 1 lit. b) RODO, tj. niezb\u0119dno\u015b\u0107 danych w celu realizacji umowy lub przed jej zawarciem, na \u017c\u0105danie osoby, kt\u00f3rej dane dotycz\u0105,<\/span><\/span><\/span><\/p><\/li><li><p lang=\"en-US\" align=\"JUSTIFY\"><span style=\"font-family: Arial, sans-serif;\"><span style=\"font-size: small;\"><span style=\"font-size: medium;\">udokumentowania sprzeda\u017cy, w tym wystawienia rachunku lub faktury dla osoby fizycznej, na podstawie art. 6 ust. 1 lit. c) RODO, tj. w celu wykonania obowi\u0105zk\u00f3w prawnych ci\u0105\u017c\u0105cych na Administratorze danych osobowych, na podstawie art. 70 ustawy z dnia 29 sierpnia 1997 r. Ordynacja podatkowa,<\/span><\/span><\/span><\/p><\/li><\/ol><ol type=\"A\"><li style=\"list-style-type: none;\"><ol type=\"A\"><li style=\"list-style-type: none;\"><ol type=\"a\"><li><p align=\"JUSTIFY\"><span style=\"font-family: Arial, sans-serif;\"><span style=\"font-size: small;\"><span style=\"font-size: medium;\">marketingu w\u0142asnych produkt\u00f3w i us\u0142ug Administratora danych drog\u0105 tradycyjn\u0105, na podstawie art. 6 ust. 1 lit. f) RODO, tj. w celu realizacji prawnie uzasadnionych interes\u00f3w administratora danych lub osoby, kt\u00f3rej dane dotycz\u0105,<\/span><\/span><\/span><\/p><\/li><li><p lang=\"en-US\" align=\"JUSTIFY\"><span style=\"font-family: Arial, sans-serif;\"><span style=\"font-size: small;\"><span style=\"font-size: medium;\"><span lang=\"pl-PL\">dochodzenia praw i roszcze\u0144 przez administratora danych lub osob\u0119, kt\u00f3rej dane dotycz\u0105, na podstawie art. 6 ust. 1 lit. f) RODO, tj. w celu realizacji prawnie uzasadnionych interes\u00f3w administratora danych lub osoby, kt\u00f3rej dane dotycz\u0105,<\/span><\/span><\/span><\/span><\/p><\/li><li><p align=\"JUSTIFY\"><span style=\"font-family: Arial, sans-serif;\"><span style=\"font-size: small;\"><span style=\"font-size: medium;\">obs\u0142ugi komentarzy blogowych do artyku\u0142\u00f3w zamieszczanych przez Administratora Danych Osobowych na stronie Serwisu, na podstawie <\/span><span style=\"font-size: medium;\">art. 6 ust. 1 lit. a) RODO, tj. zgody osoby, kt\u00f3rej dane dotycz\u0105.<\/span><\/span><\/span><\/p><\/li><\/ol><\/li><\/ol><\/li><\/ol><ol><li><p lang=\"en-US\" align=\"JUSTIFY\"><span style=\"font-family: Arial, sans-serif;\"><span style=\"font-size: small;\"><span style=\"font-size: medium;\"><span lang=\"pl-PL\">Podanie danych jest niezb\u0119dne do przygotowania i realizacji um\u00f3w o \u015bwiadczenie us\u0142ug, wystawienia dokumentu sprzeda\u017cy, dochodzenia roszcze\u0144, a tak\u017ce udzielenia odpowiedzi na pytania. <\/span><\/span><\/span><\/span><\/p><\/li><\/ol><ol start=\"2\"><li><p lang=\"en-US\" align=\"JUSTIFY\"><span style=\"font-family: Arial, sans-serif;\"><span style=\"font-size: small;\"><span style=\"font-size: medium;\"><span lang=\"pl-PL\">Podanie pozosta\u0142ych danych jest dobrowolne. <\/span><\/span><\/span><\/span><\/p><\/li><li><p lang=\"en-US\" align=\"JUSTIFY\"><span style=\"font-family: Arial, sans-serif;\"><span style=\"font-size: small;\"><span style=\"font-size: medium;\"><span lang=\"pl-PL\">Brak podania wymaganych danych uniemo\u017cliwia prawid\u0142ow\u0105 realizacj\u0119 umowy, wystawienie rachunku lub faktury lub podj\u0119cie kontaktu na \u017c\u0105danie osoby, kt\u00f3rej dane dotycz\u0105.<\/span><\/span><\/span><\/span><\/p><\/li><\/ol><p lang=\"en-US\" align=\"CENTER\"><span style=\"font-family: Arial, sans-serif;\"><span style=\"font-size: medium;\"><span lang=\"pl-PL\"><b>\u00a74 <\/b><\/span><\/span><\/span><\/p><p lang=\"en-US\" align=\"CENTER\"><span style=\"font-family: Arial, sans-serif;\"><span style=\"font-size: medium;\"><span lang=\"pl-PL\"><b>Zakres przetwarzanych danych<\/b><\/span><\/span><\/span><\/p><ol><li><p lang=\"en-US\" align=\"JUSTIFY\"><span style=\"font-family: Arial, sans-serif;\"><span style=\"font-size: small;\"><span style=\"font-size: medium;\"><span lang=\"pl-PL\">Zakres przetwarzanych danych osobowych zosta\u0142 ograniczony do minimum niezb\u0119dnego do realizacji celu, dla kt\u00f3rego dane s\u0105 przetwarzane, tj:<\/span><\/span><\/span><\/span><\/p><\/li><\/ol><ol type=\"a\"><li><p lang=\"en-US\" align=\"JUSTIFY\"><span style=\"font-family: Arial, sans-serif;\"><span style=\"font-size: small;\"><span style=\"font-size: medium;\"><span lang=\"pl-PL\">z\u0142o\u017cenia zapytania przez formularz kontaktowy lub za pomoc\u0105 danych teleadresowych dost\u0119pnych na stronie: adres e-mail, numer telefonu, imi\u0119, ewentualne inne dane podane dobrowolnie przez osob\u0119, kt\u00f3rej dane dotycz\u0105,<\/span><\/span><\/span><\/span><\/p><\/li><li><p lang=\"en-US\" align=\"JUSTIFY\"><span style=\"font-family: Arial, sans-serif;\"><span style=\"font-size: small;\"><span style=\"font-size: medium;\"><span lang=\"pl-PL\">przygotowania i zawarcia umowy o \u015bwiadczenie us\u0142ug &#8211; imi\u0119 i nazwisko lub nazwa podmiotu prowadz\u0105cego dzia\u0142alno\u015b\u0107 gospodarcz\u0105, adres siedziby lub adres zamieszkania, numer NIP\/REGON, inne dane niezb\u0119dne do zawarcia umowy,<\/span><\/span><\/span><\/span><\/p><\/li><li><p lang=\"en-US\" align=\"JUSTIFY\"><span style=\"font-family: Arial, sans-serif;\"><span style=\"font-size: small;\"><span style=\"font-size: medium;\"><span lang=\"pl-PL\">wystawienia rachunku lub faktury: imi\u0119 i nazwisko lub nazwa podmiotu, adres siedziby lub adres zamieszkania, NIP, inne dane rozliczeniowe,<\/span><\/span><\/span><\/span><\/p><\/li><li><p lang=\"en-US\" align=\"JUSTIFY\"><span style=\"font-family: Arial, sans-serif;\"><span style=\"font-size: small;\"><span style=\"font-size: medium;\"><span lang=\"pl-PL\">dodania komentarzy blogowych na stronie Serwisu: imi\u0119 lub nick, adres e-mail U\u017cytkownika.<\/span><\/span><\/span><\/span><\/p><\/li><\/ol><ol><li><p lang=\"en-US\" align=\"JUSTIFY\"><span style=\"font-family: Arial, sans-serif;\"><span style=\"font-size: small;\"><span style=\"font-size: medium;\"><span lang=\"pl-PL\">Zakres niezb\u0119dnych danych osobowych w przypadku klient\u00f3w <\/span><\/span><span style=\"font-size: medium;\"><span lang=\"pl-PL\"><b>BIURA RACHUNKOWEGO Barbara Podraza <\/b><\/span><\/span><span style=\"font-size: medium;\"><span lang=\"pl-PL\">wynika r\u00f3wnie\u017c z ustawy z dnia 1 marca 2018 r. o przeciwdzia\u0142aniu praniu pieni\u0119dzy oraz finansowaniu terroryzmu (Dz. U. 2018 poz. 723), w tym obejmuje:<\/span><\/span><\/span><\/span><\/p><\/li><\/ol><ol type=\"a\"><li><p lang=\"en-US\" align=\"JUSTIFY\"><span style=\"font-family: Arial, sans-serif;\"><span style=\"font-size: small;\"><span style=\"font-size: medium;\"><span lang=\"pl-PL\">identyfikacj\u0119 klienta oraz weryfikacj\u0119 jego to\u017csamo\u015bci,<\/span><\/span><\/span><\/span><\/p><\/li><li><p lang=\"en-US\" align=\"JUSTIFY\"><span style=\"font-family: Arial, sans-serif;\"><span style=\"font-size: small;\"><span style=\"font-size: medium;\"><span lang=\"pl-PL\">identyfikacj\u0119 beneficjenta rzeczywistego oraz podejmowanie uzasadnionych czynno\u015bci w celu weryfikacji jego to\u017csamo\u015bci, ustalenia struktury w\u0142asno\u015bci i kontroli \u2013 w przypadku klienta b\u0119d\u0105cego osob\u0105 prawn\u0105 albo jednostk\u0105 organizacyjn\u0105 nieposiadaj\u0105c\u0105 osobowo\u015bci prawnej &#8211; ocen\u0119 stosunk\u00f3w gospodarczych i, stosownie do sytuacji, uzyskanie informacji na temat ich celu i zamierzonego charakteru,<\/span><\/span><\/span><\/span><\/p><\/li><li><p lang=\"en-US\" align=\"JUSTIFY\"><span style=\"font-family: Arial, sans-serif;\"><span style=\"font-size: small;\"><span style=\"font-size: medium;\"><span lang=\"pl-PL\">identyfikacj\u0119 osoby upowa\u017cnionej do dzia\u0142ania w imieniu klienta oraz weryfikacj\u0119 jej to\u017csamo\u015bci i umocowanie do dzia\u0142ania w imieniu klienta,<\/span><\/span><\/span><\/span><\/p><\/li><li><p lang=\"en-US\" align=\"JUSTIFY\"><span style=\"font-family: Arial, sans-serif;\"><span style=\"font-size: small;\"><span style=\"font-size: medium;\"><span lang=\"pl-PL\">przetwarzanie informacji zawartych w dokumentach to\u017csamo\u015bci klienta i osoby upowa\u017cnionej do dzia\u0142ania w jego imieniu oraz mo\u017cliwo\u015b\u0107 sporz\u0105dzania ich kopii,<\/span><\/span><\/span><\/span><\/p><\/li><li><p lang=\"en-US\" align=\"JUSTIFY\"><span style=\"font-family: Arial, sans-serif;\"><span style=\"font-size: small;\"><span style=\"font-size: medium;\"><span lang=\"pl-PL\">weryfikacj\u0119, czy klient lub beneficjent rzeczywisty zajmuj\u0105 eksponowane stanowiska polityczne,<\/span><\/span><\/span><\/span><\/p><\/li><li><p lang=\"en-US\" align=\"JUSTIFY\"><span style=\"font-family: Arial, sans-serif;\"><span style=\"font-size: small;\"><span style=\"font-size: medium;\"><span lang=\"pl-PL\">bie\u017c\u0105ce monitorowanie stosunk\u00f3w gospodarczych klienta, w tym analiz\u0119 transakcji przeprowadzanych w ramach stosunk\u00f3w gospodarczych w celu zapewnienia, \u017ce transakcje te s\u0105 zgodne z wiedz\u0105 instytucji obowi\u0105zanej o kliencie, rodzaju i zakresie prowadzonej przez niego dzia\u0142alno\u015bci oraz zgodne z ryzykiem prania pieni\u0119dzy oraz finansowania terroryzmu zwi\u0105zanym z tym klientem, <\/span><\/span><\/span><\/span><\/p><\/li><li><p lang=\"en-US\" align=\"JUSTIFY\"><span style=\"font-family: Arial, sans-serif;\"><span style=\"font-size: small;\"><span style=\"font-size: medium;\"><span lang=\"pl-PL\">badanie \u017ar\u00f3d\u0142a pochodzenia warto\u015bci maj\u0105tkowych b\u0119d\u0105cych w dyspozycji klienta \u2013 w przypadkach uzasadnionych okoliczno\u015bciami.<\/span><\/span><\/span><\/span><\/p><\/li><\/ol><p lang=\"en-US\" align=\"CENTER\"><span style=\"font-family: Arial, sans-serif;\"><span style=\"font-size: medium;\"><span lang=\"pl-PL\"><b>\u00a75<\/b><\/span><\/span><\/span><\/p><p lang=\"en-US\" align=\"CENTER\"><span style=\"font-family: Arial, sans-serif;\"><span style=\"font-size: medium;\"><span lang=\"pl-PL\"><b>Sposoby pozyskiwania danych<\/b><\/span><\/span><\/span><\/p><ol><li><p lang=\"en-US\" align=\"JUSTIFY\"><span style=\"font-family: Arial, sans-serif;\"><span style=\"font-size: small;\"><span style=\"font-size: medium;\"><span lang=\"pl-PL\">Dane osobowe U\u017cytkownika gromadzone s\u0105 bezpo\u015brednio od os\u00f3b, kt\u00f3rych dane dotycz\u0105, tj. poprzez:<\/span><\/span><\/span><\/span><\/p><\/li><\/ol><ol type=\"a\"><li><p lang=\"en-US\" align=\"JUSTIFY\"><span style=\"font-family: Arial, sans-serif;\"><span style=\"font-size: small;\"><span style=\"font-size: medium;\"><span lang=\"pl-PL\">podanie danych niezb\u0119dnych do przygotowania i zawarcia umowy,<\/span><\/span><\/span><\/span><\/p><\/li><li><p lang=\"en-US\" align=\"JUSTIFY\"><span style=\"font-family: Arial, sans-serif;\"><span style=\"font-size: small;\"><span style=\"font-size: medium;\"><span lang=\"pl-PL\">bezpo\u015bredni kontakt z administratorem danych za pomoc\u0105 danych teleadresowych dost\u0119pnych na stronie lub w formie tradycyjnej, w miejscu prowadzenia dzia\u0142alno\u015bci.<\/span><\/span><\/span><\/span><\/p><\/li><\/ol><p lang=\"en-US\" align=\"CENTER\"><span style=\"font-family: Arial, sans-serif;\"><span style=\"font-size: medium;\"><span lang=\"pl-PL\"><b>\u00a76<\/b><\/span><\/span><\/span><\/p><p lang=\"en-US\" align=\"CENTER\"><span style=\"font-family: Arial, sans-serif;\"><span style=\"font-size: medium;\"><span lang=\"pl-PL\"><b>Okres przetwarzania danych<\/b><\/span><\/span><\/span><\/p><ol><li><p lang=\"en-US\" align=\"JUSTIFY\"><span style=\"font-family: Arial, sans-serif;\"><span style=\"font-size: small;\"><span style=\"font-size: medium;\"><span lang=\"pl-PL\">Dane osobowe U\u017cytkownik\u00f3w s\u0105 przetwarzane przez okres niezb\u0119dny do realizacji celu, dla kt\u00f3rego zosta\u0142y zebrane, tj.: <\/span><\/span><\/span><\/span><\/p><\/li><\/ol><ol type=\"a\"><li><p lang=\"en-US\" align=\"JUSTIFY\"><span style=\"font-family: Arial, sans-serif;\"><span style=\"font-size: small;\"><span style=\"font-size: medium;\"><span lang=\"pl-PL\">przez okres trwania zawartej umowy,<\/span><\/span><\/span><\/span><\/p><\/li><li><p lang=\"en-US\" align=\"JUSTIFY\"><span style=\"font-family: Arial, sans-serif;\"><span style=\"font-size: small;\"><span style=\"font-size: medium;\"><span lang=\"pl-PL\">przez okres niezb\u0119dny do udokumentowania wykonanej umowy, w tym wystawienia rachunku lub faktury &#8211; dane przechowywane s\u0105 przez 5 lat, licz\u0105c od ko\u0144ca roku kalendarzowego, w kt\u00f3rym up\u0142yn\u0105\u0142 termin p\u0142atno\u015bci podatku,<\/span><\/span><\/span><\/span><\/p><\/li><li><p lang=\"en-US\" align=\"JUSTIFY\"><span style=\"font-family: Arial, sans-serif;\"><span style=\"font-size: small;\"><span style=\"font-size: medium;\"><span lang=\"pl-PL\">przez okres niezb\u0119dny do udzielenia odpowiedzi na pytanie zadane przez formularz kontaktowy lub drog\u0105 telefoniczn\u0105,<\/span><\/span><\/span><\/span><\/p><\/li><li><p lang=\"en-US\" align=\"JUSTIFY\"><span style=\"font-family: Arial, sans-serif;\"><span style=\"font-size: small;\"><span style=\"font-size: medium;\"><span lang=\"pl-PL\">do czasu odwo\u0142ania zgody, je\u015bli przetwarzanie danych opiera si\u0119 na zgodzie osoby, kt\u00f3rej dane dotycz\u0105, w tym w celu dodania komentarza do post\u00f3w blogowych na stronie Serwisu.<\/span><\/span><\/span><\/span><\/p><\/li><\/ol><ol><li><p lang=\"en-US\" align=\"JUSTIFY\"><span style=\"font-family: Arial, sans-serif;\"><span style=\"font-size: small;\"><span style=\"font-size: medium;\"><span lang=\"pl-PL\">Instytucje obowi\u0105zane przechowuj\u0105 tak\u017ce przez okres 5 lat, licz\u0105c od pierwszego dnia roku nast\u0119puj\u0105cego po roku, w kt\u00f3rym zako\u0144czono stosunki gospodarcze z klientem lub w kt\u00f3rym przeprowadzono transakcje okazjonalne:<\/span><\/span><\/span><\/span><\/p><\/li><\/ol><ol type=\"a\"><li><p lang=\"en-US\" align=\"JUSTIFY\"><span style=\"font-family: Arial, sans-serif;\"><span style=\"font-size: small;\"><span style=\"font-size: medium;\"><span lang=\"pl-PL\">kopie dokument\u00f3w i informacje uzyskane w wyniku stosowania \u015brodk\u00f3w bezpiecze\u0144stwa finansowego,<\/span><\/span><\/span><\/span><\/p><\/li><li><p lang=\"en-US\" align=\"JUSTIFY\"><span style=\"font-family: Arial, sans-serif;\"><span style=\"font-size: small;\"><span style=\"font-size: medium;\"><span lang=\"pl-PL\">dowody potwierdzaj\u0105ce przeprowadzone transakcje i ewidencje transakcji, obejmuj\u0105ce oryginalne dokumenty lub kopie dokument\u00f3w konieczne do identyfikacji transakcji.<\/span><\/span><\/span><\/span><\/p><\/li><\/ol><p lang=\"en-US\" align=\"CENTER\"><span style=\"font-family: Arial, sans-serif;\"><span style=\"font-size: medium;\"><span lang=\"pl-PL\"><b>\u00a77 <\/b><\/span><\/span><\/span><\/p><p lang=\"en-US\" align=\"CENTER\"><span style=\"font-family: Arial, sans-serif;\"><span style=\"font-size: medium;\"><span lang=\"pl-PL\"><b>Odbiorcy danych<\/b><\/span><\/span><\/span><\/p><ol><li><p lang=\"en-US\" align=\"JUSTIFY\"><span style=\"font-family: Arial, sans-serif;\"><span style=\"font-size: small;\"><span style=\"font-size: medium;\"><span lang=\"pl-PL\">Dane osobowe U\u017cytkownika mog\u0105 zosta\u0107 powierzone innym podmiotom w celu wykonania us\u0142ug na zlecenie administratora danych, w szczeg\u00f3lno\u015bci w celu:<\/span><\/span><\/span><\/span><\/p><\/li><\/ol><ol type=\"a\"><li><p lang=\"en-US\" align=\"JUSTIFY\"><span style=\"font-family: Arial, sans-serif;\"><span style=\"font-size: small;\"><span style=\"font-size: medium;\"><span lang=\"pl-PL\">hostingu strony www, hostingu danych i utrzymania poczty elektronicznej Administratora danych osobowych,<\/span><\/span><\/span><\/span><\/p><\/li><li><p lang=\"en-US\" align=\"JUSTIFY\"><span style=\"font-family: Arial, sans-serif;\"><span style=\"font-size: small;\"><span style=\"font-size: medium;\"><span lang=\"pl-PL\">serwisu i utrzymania system\u00f3w informatycznych, w kt\u00f3rych dane s\u0105 przetwarzane, w tym w celu prowadzenia obs\u0142ugi ksi\u0119gowej, kadrowo-p\u0142acowej i wykonania \u015bwiadczonych us\u0142ug.<\/span><\/span><\/span><\/span><\/p><\/li><\/ol><ol start=\"4\"><li><p lang=\"en-US\" align=\"JUSTIFY\"><span style=\"font-family: Arial, sans-serif;\"><span style=\"font-size: medium;\"><span lang=\"pl-PL\">Administrator jest administratorem danych<\/span><span lang=\"pl-PL\"> Obserwator\u00f3w, kt\u00f3rzy korzystaj\u0105 ze \u015brodk\u00f3w komunikacji elektronicznej na Fanpage\u2019u &#8211; <\/span><span lang=\"pl-PL\"><b>Facebook pod nazw\u0105 Biuro Rachunkowe Barbara Podraza &#8211; \u201e@biurobarbarapodraza\u201d<\/b><\/span><span lang=\"pl-PL\">, podczas kontaktu za ich po\u015brednictwem. W pozosta\u0142ym zakresie administratorem danych u\u017cytkownik\u00f3w tych serwis\u00f3w spo\u0142eczno\u015bciowych jest <\/span><span lang=\"pl-PL\">Facebook, Inc., z siedzib\u0105 przy 1 Hacker Way, Menlo Park, CA 94025, USA, a przetwarzanie tych danych odbywa si\u0119 na zasadach opisanych w regulaminach i politykach prywatno\u015bci u\u017cytkownik\u00f3w tych serwis\u00f3w, w tym na: https:\/\/www.facebook.com\/privacy.<\/span><\/span><\/span><\/p><\/li><li><p lang=\"en-US\" align=\"JUSTIFY\"><span style=\"font-family: Arial, sans-serif;\"><span style=\"font-size: medium;\"><span lang=\"pl-PL\">Administrator Danych Osobowych nie przetwarza danych osobowych poza Europejskim obszarem Gospodarczym, za wyj\u0105tkiem danych Obserwator\u00f3w, kt\u00f3rzy korzystaj\u0105 ze \u015brodk\u00f3w komunikacji elektronicznej na Fanpage\u2019u &#8211; Facebook. Przetwarzanie danych w\u00f3wczas b\u0119dzie si\u0119 odbywa\u0107 na terenie Stan\u00f3w Zjednoczonych Ameryki, a podstaw\u0105 przetwarzania b\u0119dzie\u00a0decyzja Komisji Europejskiej z 10 lipca 2023 r. stwierdzaj\u0105cej odpowiedni stopie\u0144 ochrony danych osobowych zapewniony przez tzw. &#8222;Ramy ochrony danych UE-USA\u201d (EU-US Data Privacy Framework) w stosunku do dostawc\u00f3w wpisanych na list\u0119 departamentu handlu USA, jak: Meta Platforms, Inc., Menlo Park, California, USA.<\/span><\/span><\/span><\/p><\/li><\/ol><p lang=\"en-US\" align=\"CENTER\"><span style=\"font-family: Arial, sans-serif;\"><span style=\"font-size: medium;\"><span lang=\"pl-PL\"><b>\u00a78 <\/b><\/span><\/span><\/span><\/p><p lang=\"en-US\" align=\"CENTER\"><span style=\"font-family: Arial, sans-serif;\"><span style=\"font-size: medium;\"><span lang=\"pl-PL\"><b>Prawa os\u00f3b, kt\u00f3rych dane dotycz\u0105<\/b><\/span><\/span><\/span><\/p><ol><li><p lang=\"en-US\" align=\"JUSTIFY\"><span style=\"font-family: Arial, sans-serif;\"><span style=\"font-size: small;\"><span style=\"font-size: medium;\"><span lang=\"pl-PL\">Osobie, kt\u00f3rej dane dotycz\u0105 przys\u0142uguje:<\/span><\/span><\/span><\/span><\/p><\/li><\/ol><ol type=\"a\"><li><p lang=\"en-US\" align=\"JUSTIFY\"><span style=\"font-family: Arial, sans-serif;\"><span style=\"font-size: small;\"><span style=\"font-size: medium;\"><span lang=\"pl-PL\">prawo dost\u0119pu do tre\u015bci danych i ich poprawiania,<\/span><\/span><\/span><\/span><\/p><\/li><li><p lang=\"en-US\" align=\"JUSTIFY\"><span style=\"font-family: Arial, sans-serif;\"><span style=\"font-size: small;\"><span style=\"font-size: medium;\"><span lang=\"pl-PL\">prawo do usuni\u0119cia danych, o ile nie obowi\u0105zuj\u0105 inne przepisy prawa, kt\u00f3re zobowi\u0105zuj\u0105 administratora danych do archiwizacji danych przez okre\u015blony czas, <\/span><\/span><\/span><\/span><\/p><\/li><li><p lang=\"en-US\" align=\"JUSTIFY\"><span style=\"font-family: Arial, sans-serif;\"><span style=\"font-size: small;\"><span style=\"font-size: medium;\"><span lang=\"pl-PL\">prawo do przenoszenia danych, o ile podstaw\u0105 przetwarzania danych jest umowa lub zgoda osoby, kt\u00f3rej dane dotycz\u0105, a przetwarzanie danych odbywa si\u0119 w spos\u00f3b automatyczny,<\/span><\/span><\/span><\/span><\/p><\/li><li><p lang=\"en-US\" align=\"JUSTIFY\"><span style=\"font-family: Arial, sans-serif;\"><span style=\"font-size: small;\"><span style=\"font-size: medium;\"><span lang=\"pl-PL\">prawo do wniesienia sprzeciwu na przetwarzanie danych w celach marketingu bezpo\u015bredniego, realizowanego przez administratora danych w ramach usprawiedliwionego interesu prawnego, a tak\u017ce ograniczenia przetwarzania,<\/span><\/span><\/span><\/span><\/p><\/li><li><p lang=\"en-US\" align=\"JUSTIFY\"><span style=\"font-family: Arial, sans-serif;\"><span style=\"font-size: small;\"><span style=\"font-size: medium;\"><span lang=\"pl-PL\">prawo do niepodlegania automatycznemu profilowaniu, je\u015bli administrator danych podejmowa\u0142by decyzje opieraj\u0105ce si\u0119 wy\u0142\u0105cznie na automatycznym profilowaniu i nios\u0105ce ze sob\u0105 skutki prawne dla osoby, kt\u00f3rej dane dotycz\u0105 lub podobnie na ni\u0105 wp\u0142ywa\u0142y,<\/span><\/span><\/span><\/span><\/p><\/li><li><p lang=\"en-US\" align=\"JUSTIFY\"><span style=\"font-family: Arial, sans-serif;\"><span style=\"font-size: small;\"><span style=\"font-size: medium;\"><span lang=\"pl-PL\">prawo do kontroli przetwarzania danych i informacji na temat tego, kto jest administratorem danych, a tak\u017ce uzyskania informacji o celu, zakresie i sposobie przetwarzania danych, tre\u015bci tych danych, \u017ar\u00f3dle danych, a tak\u017ce sposobie udost\u0119pniania, w tym o odbiorcach lub kategoriach odbiorc\u00f3w danych,<\/span><\/span><\/span><\/span><\/p><\/li><li><p lang=\"en-US\" align=\"JUSTIFY\"><span style=\"font-family: Arial, sans-serif;\"><span style=\"font-size: small;\"><span style=\"font-size: medium;\"><span lang=\"pl-PL\">prawo do cofni\u0119cia zgody w dowolnym momencie, je\u015bli podstaw\u0105 przetwarzania danych by\u0142a zgoda osoby, kt\u00f3rej dane dotycz\u0105. Odwo\u0142anie zgody nie wp\u0142ywa na zgodno\u015b\u0107 z prawem przetwarzania dokonanego na jej podstawie, przed jej cofni\u0119ciem,<\/span><\/span><\/span><\/span><\/p><\/li><li><p lang=\"en-US\" align=\"JUSTIFY\"><span style=\"font-family: Arial, sans-serif;\"><span style=\"font-size: small;\"><span style=\"font-size: medium;\"><span lang=\"pl-PL\">prawo do wniesienia skargi do Prezesa Urz\u0119du Ochrony Danych Osobowych (PUODO), ul. Stawki 2, 00-193 Warszawa, je\u015bli osoba uzna, \u017ce przetwarzanie jej danych jest niezgodne z aktualnie obowi\u0105zuj\u0105cymi przepisami w tym zakresie.<\/span><\/span><\/span><\/span><\/p><\/li><\/ol><p lang=\"en-US\" align=\"CENTER\"><span style=\"font-family: Arial, sans-serif;\"><span style=\"font-size: medium;\"><span lang=\"pl-PL\"><b>\u00a79<\/b><\/span><\/span><\/span><\/p><p lang=\"en-US\" align=\"CENTER\"><span style=\"font-family: Arial, sans-serif;\"><span style=\"font-size: medium;\"><span lang=\"pl-PL\"><b>Powierzenie danych osobowych w zwi\u0105zku ze \u015bwiadczeniem us\u0142ug<\/b><\/span><\/span><\/span><\/p><ol><li><p lang=\"en-US\" align=\"JUSTIFY\"><span style=\"font-family: Arial, sans-serif;\"><span style=\"font-size: small;\"><span style=\"font-size: medium;\"><span lang=\"pl-PL\">Podmiot, kt\u00f3ry zawiera umow\u0119 o wsp\u00f3\u0142pracy w zakresie us\u0142ug rozliczenia podatkowego, obs\u0142ugi ksi\u0119gowej oraz kadrowo-p\u0142acowej podmioty, powierza przetwarzania danych osobowych procesorowi, tj. <\/span><\/span><span style=\"font-size: medium;\"><span lang=\"pl-PL\"><b>Barbarze Podraza, prowadz\u0105cej dzia\u0142alno\u015b\u0107 gospodarcz\u0105 pod nazw\u0105 BIURO RACHUNKOWE Barbara Podraza, ul. Starod\u0105browska 39, 33-100 Tarn\u00f3w, NIP:\u00a08722203403.<\/b><\/span><\/span><\/span><\/span><\/p><\/li><\/ol><ol start=\"6\"><li><p lang=\"en-US\" align=\"JUSTIFY\"><span style=\"font-family: Arial, sans-serif;\"><span style=\"font-size: small;\"><span style=\"font-size: medium;\"><span lang=\"pl-PL\">Dane osobowe s\u0105 przetwarzane na podstawie art. 28 RODO, w celu wykonania umowy, kt\u00f3rej stron\u0105 jest podmiot powierzaj\u0105cy.<\/span><\/span><\/span><\/span><\/p><\/li><li><p lang=\"en-US\" align=\"JUSTIFY\"><span style=\"font-family: Arial, sans-serif;\"><span style=\"font-size: small;\"><span style=\"font-size: medium;\"><span lang=\"pl-PL\">Umowa powierzenia przetwarzania danych osobowych jest zawierana na pi\u015bmie pomi\u0119dzy podmiotem powierzaj\u0105cym (np. klientem zlecaj\u0105cym obs\u0142ug\u0119 ksi\u0119gow\u0105 lub kadrowo-p\u0142acow\u0105) a podmiotem przetwarzaj\u0105cym.<\/span><\/span><\/span><\/span><\/p><\/li><\/ol><p lang=\"en-US\" align=\"CENTER\"><span style=\"font-family: Arial, sans-serif;\"><span style=\"font-size: medium;\"><span lang=\"pl-PL\"><b>\u00a710<\/b><\/span><\/span><\/span><\/p><p lang=\"en-US\" align=\"CENTER\"><span style=\"font-family: Arial, sans-serif;\"><span style=\"font-size: medium;\"><span lang=\"pl-PL\"><b>Postanowienia ko\u0144cowe<\/b><\/span><\/span><\/span><\/p><ol><li><p lang=\"en-US\" align=\"JUSTIFY\"><span style=\"font-family: Arial, sans-serif;\"><span style=\"font-size: small;\"><span style=\"font-size: medium;\"><span lang=\"pl-PL\">W przypadku zmiany obowi\u0105zuj\u0105cej polityki prywatno\u015bci, w szczeg\u00f3lno\u015bci gdy b\u0119d\u0105 tego wymaga\u0142y zastosowane rozwi\u0105zania techniczne, zmiany przepis\u00f3w prawa w zakresie prywatno\u015bci os\u00f3b, kt\u00f3rych dane dotycz\u0105, wprowadzone zostan\u0105 odpowiednie modyfikacje do powy\u017cszego zapisu, kt\u00f3re b\u0119d\u0105 obowi\u0105zywa\u0142y w ciagu 14 dni od ich opublikowania na stronie Serwisu.<\/span><\/span><\/span><\/span><\/p><\/li><\/ol>\t\t\t\t\t\t<\/div>\n\t\t\t\t<\/div>\n\t\t\t\t\t<\/div>\n\t\t<\/div>\n\t\t\t\t\t\t\t<\/div>\n\t\t<\/section>\n\t\t\t\t\t\t\t<\/div>\n\t\t","protected":false},"excerpt":{"rendered":"<p>POLITYKA PRYWATNO\u015aCI DANYCH OSOBOWYCH (RODO) Obowi\u0105zuje od: 8 wrze\u015bnia 2023 r. \u00a71 To\u017csamo\u015b\u0107 administratora danych Administratorem danych osobowych podawanych w trakcie korzystania z Serwisu prowadzonego pod adresem www.rachunkowe-bp.pl oraz w zwi\u0105zku ze \u015bwiadczeniem us\u0142ug jest Barbara Podraza, prowadz\u0105ca dzia\u0142alno\u015b\u0107 gospodarcz\u0105 pod nazw\u0105 BIURO RACHUNKOWE Barbara Podraza, ul. Starod\u0105browska 39, 33-100 Tarn\u00f3w, NIP:\u00a08722203403. Zasady przetwarzania plik\u00f3w&hellip;<\/p>\n","protected":false},"author":1,"featured_media":0,"parent":0,"menu_order":0,"comment_status":"closed","ping_status":"open","template":"","meta":{"footnotes":""},"_links":{"self":[{"href":"https:\/\/rachunkowe-bp.pl\/index.php\/wp-json\/wp\/v2\/pages\/3"}],"collection":[{"href":"https:\/\/rachunkowe-bp.pl\/index.php\/wp-json\/wp\/v2\/pages"}],"about":[{"href":"https:\/\/rachunkowe-bp.pl\/index.php\/wp-json\/wp\/v2\/types\/page"}],"author":[{"embeddable":true,"href":"https:\/\/rachunkowe-bp.pl\/index.php\/wp-json\/wp\/v2\/users\/1"}],"replies":[{"embeddable":true,"href":"https:\/\/rachunkowe-bp.pl\/index.php\/wp-json\/wp\/v2\/comments?post=3"}],"version-history":[{"count":19,"href":"https:\/\/rachunkowe-bp.pl\/index.php\/wp-json\/wp\/v2\/pages\/3\/revisions"}],"predecessor-version":[{"id":572,"href":"https:\/\/rachunkowe-bp.pl\/index.php\/wp-json\/wp\/v2\/pages\/3\/revisions\/572"}],"wp:attachment":[{"href":"https:\/\/rachunkowe-bp.pl\/index.php\/wp-json\/wp\/v2\/media?parent=3"}],"curies":[{"name":"wp","href":"https:\/\/api.w.org\/{rel}","templated":true}]}}